{"id":1014,"date":"2016-08-08T14:36:34","date_gmt":"2016-08-08T12:36:34","guid":{"rendered":"https:\/\/edelphoto.net\/en\/?page_id=1014"},"modified":"2022-10-07T08:21:43","modified_gmt":"2022-10-07T06:21:43","slug":"about-us","status":"publish","type":"page","link":"https:\/\/edelphoto.net\/en\/about-us\/","title":{"rendered":"About us"},"content":{"rendered":"<p>[et_pb_section fb_built=&#8221;1&#8243; fullwidth=&#8221;on&#8221; admin_label=&#8221;section&#8221; _builder_version=&#8221;3.0.47&#8243; global_module=&#8221;2874&#8243;][et_pb_fullwidth_post_title title=&#8221;off&#8221; meta=&#8221;off&#8221; featured_placement=&#8221;background&#8221; text_color=&#8221;light&#8221; admin_label=&#8221;Inl\u00e4ggstitel med full bredd&#8221; _builder_version=&#8221;3.0.87&#8243; title_font_size=&#8221;40px&#8221; title_all_caps=&#8221;off&#8221; background_color=&#8221;rgba(255,255,255,0)&#8221; custom_padding=&#8221;13.75vw||13.75vw|0px&#8221; custom_padding_tablet=&#8221;17vw||17vw|0px&#8221; custom_padding_phone=&#8221;22vw||22vw|0px&#8221; custom_padding_last_edited=&#8221;on|phone&#8221; title_font_size_tablet=&#8221;33px&#8221; title_font_size_phone=&#8221;25px&#8221; title_font_size_last_edited=&#8221;on|desktop&#8221; parallax_effect=&#8221;off&#8221; module_bg_color=&#8221;rgba(255,255,255,0)&#8221; use_border_color=&#8221;off&#8221; border_color=&#8221;#ffffff&#8221; border_style=&#8221;solid&#8221;] [\/et_pb_fullwidth_post_title][\/et_pb_section][et_pb_section fb_built=&#8221;1&#8243; admin_label=&#8221;Sektion&#8221; _builder_version=&#8221;3.22&#8243;][et_pb_row admin_label=&#8221;row&#8221; _builder_version=&#8221;3.25&#8243; background_size=&#8221;initial&#8221; background_position=&#8221;top_left&#8221; background_repeat=&#8221;repeat&#8221;][et_pb_column type=&#8221;4_4&#8243; _builder_version=&#8221;3.25&#8243; custom_padding=&#8221;|||&#8221; custom_padding__hover=&#8221;|||&#8221;][et_pb_text admin_label=&#8221;Welcome to us at EdelPhoto! &#8211; Rubrik&#8221; _builder_version=&#8221;3.27.4&#8243; background_size=&#8221;initial&#8221; background_position=&#8221;top_left&#8221; background_repeat=&#8221;repeat&#8221; use_border_color=&#8221;off&#8221; border_color=&#8221;#ffffff&#8221; border_style=&#8221;solid&#8221;]<\/p>\n<h1>Welcome to us at EdelPhoto!<\/h1>\n<p>[\/et_pb_text][et_pb_text admin_label=&#8221;Presentation &#8211; Text&#8221; _builder_version=&#8221;3.27.4&#8243; background_size=&#8221;initial&#8221; background_position=&#8221;top_left&#8221; background_repeat=&#8221;repeat&#8221; use_border_color=&#8221;off&#8221; border_color=&#8221;#ffffff&#8221; border_style=&#8221;solid&#8221;]<\/p>\n<p>You can find EdelPhoto in central Ume\u00e5 at V\u00e4stra Norrlandsgatan 29. We handle different kinds of photograpy and productions according to your wishes.<\/p>\n<p>EdelPhoto was founded in 2010 by Edel Puntonet who originates from Cuba. Beside from Edel\u2019s mother tongue Spanish he is naturally fluent in both Swedish and English. Tommi Konu works along with Edel and is responsible for image editing and administration.<\/p>\n<h2>With us you can have fun and relax<\/h2>\n<p>It\u2019s important to us that you as a customer can have fun and be relaxed. Our professional photographer Edel is filled with energy and creativity, and it is his task to catch \u201dyour best self\u201d &#8211; that is not your work. That means that you can relax, let Edel guide you and feel safe that there will be a good result. Edel will not give up until you as a customer feel satisfied!<\/p>\n<h2>Ume\u00e5, Sweden and the world is our workplace<\/h2>\n<p>Besides from projects in our photo studio we also take on work in Ume\u00e5, Sweden and in the world.\u00a0Among places we have been working you can find Norway, Finland, Denmark and France, so traveling abroad is not a problem. EdelPhoto has a professional portable studio that enables photographing in all kinds of environments &#8211; that means that you as a customer saves both time and money!<br \/> Welcome to contact us for bookings and more information!<\/p>\n<p>\/\/Edel and Tommi<\/p>\n<p>[\/et_pb_text][\/et_pb_column][\/et_pb_row][et_pb_row admin_label=&#8221;Rad&#8221; _builder_version=&#8221;3.25&#8243; background_size=&#8221;initial&#8221; background_position=&#8221;top_left&#8221; background_repeat=&#8221;repeat&#8221;][et_pb_column type=&#8221;4_4&#8243; _builder_version=&#8221;3.25&#8243; custom_padding=&#8221;|||&#8221; custom_padding__hover=&#8221;|||&#8221;][et_pb_text admin_label=&#8221;Awards &#8211; Rubriktext&#8221; _builder_version=&#8221;3.27.4&#8243; background_size=&#8221;initial&#8221; background_position=&#8221;top_left&#8221; background_repeat=&#8221;repeat&#8221; use_border_color=&#8221;off&#8221; border_color=&#8221;#ffffff&#8221; border_style=&#8221;solid&#8221;]<\/p>\n<h2>Awards<\/h2>\n<p>[\/et_pb_text][\/et_pb_column][\/et_pb_row][et_pb_row admin_label=&#8221;Rad&#8221; _builder_version=&#8221;3.25&#8243; background_size=&#8221;initial&#8221; background_position=&#8221;top_left&#8221; background_repeat=&#8221;repeat&#8221; column_structure=&#8221;1_3,1_3,1_3&#8243;][et_pb_column type=&#8221;1_3&#8243; _builder_version=&#8221;3.25&#8243; custom_padding=&#8221;|||&#8221; custom_padding__hover=&#8221;|||&#8221;][et_pb_image src=&#8221;https:\/\/edelphoto.net\/wp-content\/uploads\/fotograf-umea_arets_pionjar2018.jpg&#8221; alt=&#8221;%22Entrepreneur of the year Region Norr%22 2018.&#8221; align_tablet=&#8221;center&#8221; align_last_edited=&#8221;on|desktop&#8221; admin_label=&#8221;%22Entrepreneur of the year Region Norr%22 2018. &#8211; Bild&#8221; _builder_version=&#8221;3.23&#8243; use_border_color=&#8221;off&#8221; border_color=&#8221;#ffffff&#8221; border_style=&#8221;solid&#8221; sticky=&#8221;off&#8221; always_center_on_mobile=&#8221;on&#8221;] [\/et_pb_image][et_pb_text admin_label=&#8221;%22\u00c5rets Pionj\u00e4r i Region Norr%22, H.M. Konung Carl XVI Gustafs pris 2018. &#8211; Text&#8221; _builder_version=&#8221;3.27.4&#8243; background_size=&#8221;initial&#8221; background_position=&#8221;top_left&#8221; background_repeat=&#8221;repeat&#8221; use_border_color=&#8221;off&#8221; border_color=&#8221;#ffffff&#8221; border_style=&#8221;solid&#8221;]<\/p>\n<p style=\"text-align: center;\">&#8220;Entrepreneur of the year Region Norr&#8221;<br \/>\nH.M. King Carl XVI Gustaf price 2018.<\/p>\n<p>[\/et_pb_text][\/et_pb_column][et_pb_column type=&#8221;1_3&#8243; _builder_version=&#8221;3.25&#8243; custom_padding=&#8221;|||&#8221; custom_padding__hover=&#8221;|||&#8221;][et_pb_image src=&#8221;https:\/\/edelphoto.net\/wp-content\/uploads\/fotograf-umea_almi2015.jpg&#8221; alt=&#8221;\u201dFrontiersman of the year in V\u00e4sterbotten\u201d, ALMI 2015.&#8221; align_tablet=&#8221;center&#8221; align_last_edited=&#8221;on|desktop&#8221; admin_label=&#8221;\u201dFrontiersman of the year in V\u00e4sterbotten\u201d, ALMI 2015. &#8211; Bild&#8221; _builder_version=&#8221;3.23&#8243; use_border_color=&#8221;off&#8221; border_color=&#8221;#ffffff&#8221; border_style=&#8221;solid&#8221; sticky=&#8221;off&#8221; always_center_on_mobile=&#8221;on&#8221;] [\/et_pb_image][et_pb_text admin_label=&#8221;\u201dFrontiersman of the year in V\u00e4sterbotten\u201d, ALMI 2015. &#8211; Text&#8221; _builder_version=&#8221;3.27.4&#8243; background_size=&#8221;initial&#8221; background_position=&#8221;top_left&#8221; background_repeat=&#8221;repeat&#8221; use_border_color=&#8221;off&#8221; border_color=&#8221;#ffffff&#8221; border_style=&#8221;solid&#8221;]<\/p>\n<p style=\"text-align: center;\">\u201dFrontiersman of the year in V\u00e4sterbotten\u201d<br \/>\nALMI 2015.<\/p>\n<p>[\/et_pb_text][\/et_pb_column][et_pb_column type=&#8221;1_3&#8243; _builder_version=&#8221;3.25&#8243; custom_padding=&#8221;|||&#8221; custom_padding__hover=&#8221;|||&#8221;][et_pb_image src=&#8221;https:\/\/edelphoto.net\/wp-content\/uploads\/fotograf-umea_umeagalan2014.jpg&#8221; alt=&#8221;\u201dYoung entrepreneur of the year\u201d, Ume\u00e5galan 2014.&#8221; align_tablet=&#8221;center&#8221; align_last_edited=&#8221;on|desktop&#8221; admin_label=&#8221;\u201dYoung entrepreneur of the year\u201d, Ume\u00e5galan 2014. &#8211; Bild&#8221; _builder_version=&#8221;3.23&#8243; use_border_color=&#8221;off&#8221; border_color=&#8221;#ffffff&#8221; border_style=&#8221;solid&#8221; sticky=&#8221;off&#8221; always_center_on_mobile=&#8221;on&#8221;] [\/et_pb_image][et_pb_text admin_label=&#8221;\u201dYoung entrepreneur of the year\u201d, Ume\u00e5galan 2014. &#8211; Text&#8221; _builder_version=&#8221;3.27.4&#8243; background_size=&#8221;initial&#8221; background_position=&#8221;top_left&#8221; background_repeat=&#8221;repeat&#8221; use_border_color=&#8221;off&#8221; border_color=&#8221;#ffffff&#8221; border_style=&#8221;solid&#8221;]<\/p>\n<p style=\"text-align: center;\">\u201dYoung entrepreneur of the year\u201d<br \/>\nUme\u00e5galan 2014.<\/p>\n<p>[\/et_pb_text][\/et_pb_column][\/et_pb_row][et_pb_row admin_label=&#8221;Rad&#8221; _builder_version=&#8221;3.25&#8243; background_size=&#8221;initial&#8221; background_position=&#8221;top_left&#8221; background_repeat=&#8221;repeat&#8221;][et_pb_column type=&#8221;4_4&#8243; _builder_version=&#8221;3.25&#8243; custom_padding=&#8221;|||&#8221; custom_padding__hover=&#8221;|||&#8221;][et_pb_text admin_label=&#8221;In media &#8211; Rubrik&#8221; _builder_version=&#8221;3.27.4&#8243; background_size=&#8221;initial&#8221; background_position=&#8221;top_left&#8221; background_repeat=&#8221;repeat&#8221; use_border_color=&#8221;off&#8221; border_color=&#8221;#ffffff&#8221; border_style=&#8221;solid&#8221;]<\/p>\n<h2>In&nbsp;media<\/h2>\n<p>[\/et_pb_text][et_pb_text admin_label=&#8221;L\u00e4nkar &#8211; Text&#8221; _builder_version=&#8221;3.27.4&#8243; background_size=&#8221;initial&#8221; background_position=&#8221;top_left&#8221; background_repeat=&#8221;repeat&#8221; use_border_color=&#8221;off&#8221; border_color=&#8221;#ffffff&#8221; border_style=&#8221;solid&#8221;]<strong>Resum\u00e9: &#8220;Fr\u00e5n \u00e4ggplockare till byr\u00e5-vd p\u00e5 \u00e5tta \u00e5r&#8221;, 10 december 2015.<\/strong><\/p>\n<p><a href=\"http:\/\/www.resume.se\/nyheter\/artiklar\/2015\/12\/10\/fran-aggpackare-till-byra-vd-pa-atta-ar\" target=\"_blank\" rel=\"noopener noreferrer\">http:\/\/www.resume.se\/nyheter\/artiklar\/2015\/12\/10\/fran-aggpackare-till-byra-vd-pa-atta-ar<\/a><\/p>\n<p><strong>SVT Nyheter V\u00e4sterbotten: &#8220;Ledsnade p\u00e5 att plocka \u00e4gg &#8211; blev vd&#8221;, 9 december 2015.<\/strong><\/p>\n<p><a href=\"http:\/\/www.svt.se\/nyheter\/lokalt\/vasterbotten\/ledsnade-pa-att-plocka-agg-blev-vd\" target=\"_blank\" rel=\"noopener noreferrer\">http:\/\/www.svt.se\/nyheter\/lokalt\/vasterbotten\/ledsnade-pa-att-plocka-agg-blev-vd<\/a><\/p>\n<p><strong>Aff\u00e4rsliv24: &#8220;Umebyr\u00e5 f\u00e5r ny del\u00e4gare och vd&#8221;, 8 december 2015.<\/strong><\/p>\n<p><a href=\"http:\/\/affarsliv24.vk.se\/1591326\/ume\u00e5byra-far-ny-delagare-och-vd\" target=\"_blank\" rel=\"noopener noreferrer\">http:\/\/affarsliv24.vk.se\/1591326\/ume\u00e5byra-far-ny-delagare-och-vd<\/a><\/p>\n<p><strong>Folkbladet: &#8220;Edel Puntonet g\u00e5r vidare&#8221;, 8 december 2015<\/strong><\/p>\n<p><a href=\"http:\/\/www.folkbladet.nu\/1542628\/edel-puntonet-gar-vidare\" target=\"_blank\" rel=\"noopener noreferrer\">http:\/\/www.folkbladet.nu\/1542628\/edel-puntonet-gar-vidare<\/a><\/p>\n<p><strong>Aff\u00e4rsliv24: &#8220;Fr\u00e5n rockstj\u00e4rna till fotograf&#8221;, 27 augusti 2015.<\/strong><\/p>\n<p><a href=\"http:\/\/affarsliv24.vk.se\/1515203\/fran-rockstjarna-till-fotograf\" target=\"_blank\" rel=\"noopener noreferrer\">http:\/\/affarsliv24.vk.se\/1515203\/fran-rockstjarna-till-fotograf<\/a><\/p>\n<p><strong>V\u00e4sterbottens-Kuriren: &#8220;Tacktalet charmade alla&#8221;, 6 november 2014.<\/strong><\/p>\n<p><a href=\"http:\/\/www.vk.se\/plus\/1317975\/tacktalet-charmade-alla\" target=\"_blank\" rel=\"noopener noreferrer\">http:\/\/www.vk.se\/plus\/1317975\/tacktalet-charmade-alla<\/a><br \/>\n[\/et_pb_text][\/et_pb_column][\/et_pb_row][\/et_pb_section]<\/p>\n","protected":false},"excerpt":{"rendered":"<p>Welcome to us at EdelPhoto! You can find EdelPhoto in central Ume\u00e5 at V\u00e4stra Norrlandsgatan 29. We handle different kinds of photograpy and productions according to your <a href=\"https:\/\/edelphoto.net\/en\/about-us\/\">&#8230;L\u00e4s mer<\/a><\/p>\n","protected":false},"author":2,"featured_media":1006,"parent":0,"menu_order":0,"comment_status":"closed","ping_status":"closed","template":"","meta":{"_acf_changed":false,"_et_pb_use_builder":"on","_et_pb_old_content":"<p>[et_pb_section admin_label=\"Sektion\" global_module=\"920\" fullwidth=\"on\" specialty=\"off\" transparent_background=\"off\" background_color=\"#ffffff\" allow_player_pause=\"off\" inner_shadow=\"off\" parallax=\"off\" parallax_method=\"off\" padding_mobile=\"off\" make_fullwidth=\"off\" use_custom_width=\"off\" width_unit=\"on\" make_equal=\"off\" use_custom_gutter=\"off\"][et_pb_fullwidth_post_title global_parent=\"920\" admin_label=\"Inl\u00e4ggstitel med full bredd\" title=\"on\" meta=\"off\" author=\"off\" date=\"off\" categories=\"on\" comments=\"on\" featured_image=\"on\" featured_placement=\"background\" parallax_effect=\"off\" parallax_method=\"on\" text_orientation=\"left\" text_color=\"light\" text_background=\"off\" text_bg_color=\"rgba(255,255,255,0.9)\" module_bg_color=\"rgba(255,255,255,0)\" title_font_size_last_edited=\"on|phone\" title_all_caps=\"off\" use_border_color=\"off\" border_color=\"#ffffff\" border_style=\"solid\" custom_padding=\"12vw||12vw|0px\" custom_padding_tablet=\"15vw||15vw|0px\" custom_padding_phone=\"20vw||20vw|0px\" custom_padding_last_edited=\"on|desktop\" title_font_size=\"40px\" title_font_size_tablet=\"33px\" title_font_size_phone=\"25px\"] [\/et_pb_fullwidth_post_title][\/et_pb_section][et_pb_section admin_label=\"section\"][et_pb_row admin_label=\"row\"][et_pb_column type=\"4_4\"][et_pb_text admin_label=\"V\u00e4lkommen tills oss p\u00e5 EdelPhoto! - Rubrik\" background_layout=\"light\" text_orientation=\"left\" use_border_color=\"off\" border_color=\"#ffffff\" border_style=\"solid\"]<\/p><h2>V\u00e4lkommen tills oss p\u00e5 EdelPhoto!<\/h2><p>[\/et_pb_text][et_pb_text admin_label=\"Presentation - Text\" background_layout=\"light\" text_orientation=\"left\" use_border_color=\"off\" border_color=\"#ffffff\" border_style=\"solid\"]<\/p><p>Mitt i centrala Ume\u00e5 p\u00e5 Nygatan 18 hittar du EdelPhoto. H\u00e4r klarar vi av olika typer av fotograferingar och produktioner efter dina \u00f6nskem\u00e5l.<\/p><p>EdelPhoto grundades 2010 av Edel Puntonet som ursprungligen kommer fr\u00e5n Kuba. F\u00f6rutom Edels modersm\u00e5l spanska talar han sj\u00e4lvklart flytande svenska och engelska. Tillsammans med Edel jobbar \u00e4ven Tommi Konu som ansvarar f\u00f6r bildredigering, administration och drop-in i fotostudion.<\/p><h2>Hos oss kan du ha kul och slappna av<\/h2><p>F\u00f6r oss \u00e4r det viktigt att du som kund ska ha roligt och k\u00e4nna dig avslappnad. V\u00e5r professionella fotograf Edel \u00e4r fylld med energi och kreativitet och det \u00e4r hans uppgift att f\u00e5nga \"ditt b\u00e4sta jag\" utan att du sj\u00e4lv ska beh\u00f6va anstr\u00e4nga dig. Det inneb\u00e4r att du kan enkelt slappna av, l\u00e5ta Edel guida dig och tryggt k\u00e4nna att det blir ett bra resultat. Edel ger aldrig upp f\u00f6rr\u00e4n du som kund \u00e4r n\u00f6jd!<\/p><h2>Ume\u00e5, Sverige och v\u00e4rlden \u00e4r v\u00e5r arbetsplats<\/h2><p>F\u00f6rutom uppdrag i v\u00e5r fotostudio \u00e5tar vi oss sj\u00e4lvklart \u00e4ven uppdrag utanf\u00f6r studion, b\u00e5de runt om i Ume\u00e5 men \u00e4ven i resten av Sverige och ute i v\u00e4rlden. Vi har bland annat haft uppdrag i Norge, Finland, Danmark och Frankrike, s\u00e5 resor utomlands \u00e4r inga problem. Genom att vi p\u00e5 EdelPhoto har en professionell portabel studio s\u00e5 m\u00f6jligg\u00f6r det f\u00f6r fotografering i alla typer av milj\u00f6er - det betyder att du som kund b\u00e5de sparar tid och pengar!<\/p><p>V\u00e4lkommen att kontakta oss f\u00f6r tidsbokning eller fr\u00e5gor.<\/p><p>Tack, vi ses!<\/p><p>\/\/Edel och Tommi<\/p><h2>\u00a0<\/h2><p>[\/et_pb_text][\/et_pb_column][\/et_pb_row][\/et_pb_section][et_pb_section admin_label=\"Sektion\" fullwidth=\"off\" specialty=\"off\"][et_pb_row admin_label=\"Rad\"][et_pb_column type=\"4_4\"][et_pb_text admin_label=\"Utm\u00e4rkelser - Rubriktext\" background_layout=\"light\" text_orientation=\"left\" use_border_color=\"off\" border_color=\"#ffffff\" border_style=\"solid\"]<\/p><h2>Utm\u00e4rkelser<\/h2><p>[\/et_pb_text][\/et_pb_column][\/et_pb_row][\/et_pb_section][et_pb_section admin_label=\"Sektion\" fullwidth=\"off\" specialty=\"off\"][et_pb_row admin_label=\"Rad\"][et_pb_column type=\"1_2\"][et_pb_image admin_label=\"%22\u00c5rets unga f\u00f6retagare%22 under Ume\u00e5galan \u00e5r 2014. - Bild\" src=\"https:\/\/edelphoto.net\/wp-content\/uploads\/fotograf-umea_umeagalan2014.jpg\" alt=\"%22\u00c5rets unga f\u00f6retagare%22 under Ume\u00e5galan \u00e5r 2014.\" show_in_lightbox=\"off\" url_new_window=\"off\" use_overlay=\"off\" animation=\"off\" sticky=\"off\" align=\"left\" force_fullwidth=\"off\" always_center_on_mobile=\"on\" use_border_color=\"off\" border_color=\"#ffffff\" border_style=\"solid\"] [\/et_pb_image][et_pb_text admin_label=\"%22\u00c5rets unga f\u00f6retagare%22 under Ume\u00e5galan \u00e5r 2014. - Text\" background_layout=\"light\" text_orientation=\"left\" use_border_color=\"off\" border_color=\"#ffffff\" border_style=\"solid\"] \"\u00c5rets unga f\u00f6retagare\" under Ume\u00e5galan \u00e5r 2014. [\/et_pb_text][\/et_pb_column][et_pb_column type=\"1_2\"][et_pb_image admin_label=\"%22\u00c5rets Nybyggare i V\u00e4sterbotten%22 av ALMI \u00e5r 2015. - Bild\" src=\"https:\/\/edelphoto.net\/wp-content\/uploads\/fotograf-umea_almi2015.jpg\" alt=\"%22\u00c5rets Nybyggare i V\u00e4sterbotten%22 av ALMI \u00e5r 2015.\" show_in_lightbox=\"off\" url_new_window=\"off\" use_overlay=\"off\" animation=\"off\" sticky=\"off\" align=\"left\" force_fullwidth=\"off\" always_center_on_mobile=\"on\" use_border_color=\"off\" border_color=\"#ffffff\" border_style=\"solid\"] [\/et_pb_image][et_pb_text admin_label=\"%22\u00c5rets Nybyggare i V\u00e4sterbotten%22 av ALMI \u00e5r 2015. - Text\" background_layout=\"light\" text_orientation=\"left\" use_border_color=\"off\" border_color=\"#ffffff\" border_style=\"solid\"] \"\u00c5rets Nybyggare i V\u00e4sterbotten\" av ALMI \u00e5r 2015. [\/et_pb_text][\/et_pb_column][\/et_pb_row][\/et_pb_section][et_pb_section admin_label=\"Sektion\" fullwidth=\"off\" specialty=\"off\"][et_pb_row admin_label=\"Rad\"][et_pb_column type=\"4_4\"][et_pb_text admin_label=\"Publicerat i media - Rubrik\" background_layout=\"light\" text_orientation=\"left\" use_border_color=\"off\" border_color=\"#ffffff\" border_style=\"solid\"]<\/p><h2>Publicerat i media<\/h2><p>\u00a0<\/p><p>[\/et_pb_text][et_pb_text admin_label=\"L\u00e4nkar - Text\" background_layout=\"light\" text_orientation=\"left\" use_border_color=\"off\" border_color=\"#ffffff\" border_style=\"solid\"]<\/p><p><strong>QLTR: \"Kubanen som kom till sverige och blev fotograf\", 15 december 2010.<\/strong><\/p><p><a href=\"http:\/\/qltr.se\/2010\/12\/15\/kubanen-som-kom-till-sverige-och-blev-fotograf\/\" target=\"_blank\">http:\/\/qltr.se\/2010\/12\/15\/kubanen-som-kom-till-sverige-och-blev-fotograf<\/a><\/p><p><strong>V\u00e4sterbottens-Kuriren: \"Tacktalet charmade alla\", 6 november 2014.<\/strong><\/p><p><a href=\"http:\/\/www.vk.se\/plus\/1317975\/tacktalet-charmade-alla\" target=\"_blank\">http:\/\/www.vk.se\/plus\/1317975\/tacktalet-charmade-alla<\/a><\/p><p><strong>Aff\u00e4rsliv24: \"Fr\u00e5n rockstj\u00e4rna till fotograf\", 27 augusti 2015.<\/strong><\/p><p><a href=\"http:\/\/affarsliv24.vk.se\/1515203\/fran-rockstjarna-till-fotograf\" target=\"_blank\">http:\/\/affarsliv24.vk.se\/1515203\/fran-rockstjarna-till-fotograf<\/a><\/p><p><strong>Folkbladet: \"Edel Puntonet g\u00e5r vidare\", 8 december 2015<\/strong><\/p><p><a href=\"http:\/\/www.folkbladet.nu\/1542628\/edel-puntonet-gar-vidare\" target=\"_blank\">http:\/\/www.folkbladet.nu\/1542628\/edel-puntonet-gar-vidare<\/a><\/p><p><strong>Aff\u00e4rsliv24: \"Umebyr\u00e5 f\u00e5r ny del\u00e4gare och vd\", 8 december 2015.<\/strong><\/p><p><a href=\"http:\/\/affarsliv24.vk.se\/1591326\/umeabyra-far-ny-delagare-och-vd\" target=\"_blank\">http:\/\/affarsliv24.vk.se\/1591326\/umeabyra-far-ny-delagare-och-vd<\/a><\/p><p><strong>SVT Nyheter V\u00e4sterbotten: \"Ledsnade p\u00e5 att plocka \u00e4gg - blev vd\", 9 december 2015.<\/strong><\/p><p><a href=\"http:\/\/www.svt.se\/nyheter\/lokalt\/vasterbotten\/ledsnade-pa-att-plocka-agg-blev-vd\" target=\"_blank\">http:\/\/www.svt.se\/nyheter\/lokalt\/vasterbotten\/ledsnade-pa-att-plocka-agg-blev-vd<\/a><\/p><p><strong>Resum\u00e9: \"Fr\u00e5n \u00e4ggplockare till byr\u00e5-vd p\u00e5 \u00e5tta \u00e5r\", 10 december 2015.<\/strong><\/p><p><a href=\"http:\/\/www.resume.se\/nyheter\/artiklar\/2015\/12\/10\/fran-aggpackare-till-byra-vd-pa-atta-ar\" target=\"_blank\">http:\/\/www.resume.se\/nyheter\/artiklar\/2015\/12\/10\/fran-aggpackare-till-byra-vd-pa-atta-ar<\/a><\/p><p>[\/et_pb_text][\/et_pb_column][\/et_pb_row][\/et_pb_section][et_pb_section admin_label=\"Sektion\" fullwidth=\"off\" specialty=\"off\"][et_pb_row admin_label=\"Rad\"][et_pb_column type=\"4_4\"][et_pb_image admin_label=\"Edelphoto + Jo kommunikation - Bild\" src=\"https:\/\/edelphoto.net\/wp-content\/uploads\/fotograf-umea_edelphoto_jo_logo.png\" show_in_lightbox=\"off\" url_new_window=\"off\" use_overlay=\"off\" animation=\"off\" sticky=\"off\" align=\"left\" force_fullwidth=\"off\" always_center_on_mobile=\"on\" use_border_color=\"off\" border_color=\"#ffffff\" border_style=\"solid\"] [\/et_pb_image][et_pb_text admin_label=\"EdelPhoto + Jo Kommunikation = sant! - Text\" background_layout=\"light\" text_orientation=\"left\" use_border_color=\"off\" border_color=\"#ffffff\" border_style=\"solid\"]<\/p><p>I januari 2016 gick EdelPhoto samman med Jo Kommunikation vilket gjorde EdelPhoto till moderbolaget och Jo Kommunikation \u00e4r dotterbolaget. I samband med sammanslagningen blev Edel ny VD f\u00f6r Jo Kommunikation. Det\u00a0 betyder att vi \u00e4ntligen kan erbjuda v\u00e5ra kunder allt inom projektplanering, annonsbokning och produktion, vare sig det handlar om foto, webb, annonser eller att skapa \u00f6kad n\u00e4rvaro i sociala medier.<\/p><p>Vill du veta om Jo Kommunikation? Bes\u00f6k webbsidan <a href=\"http:\/\/www.jokommunikation.se\" target=\"_blank\">h\u00e4r!<\/a><\/p><p>[\/et_pb_text][\/et_pb_column][\/et_pb_row][\/et_pb_section]<\/p>","_et_gb_content_width":"","footnotes":"","_links_to":"","_links_to_target":""},"class_list":["post-1014","page","type-page","status-publish","has-post-thumbnail","hentry"],"acf":[],"yoast_head":"<!-- This site is optimized with the Yoast SEO plugin v24.0 - https:\/\/yoast.com\/wordpress\/plugins\/seo\/ -->\n<title>About us - Edelphoto<\/title>\n<meta name=\"description\" content=\"About us - You can find EdelPhoto in central Ume\u00e5 at Nygatan 18. We handle different kinds of photograpy and productions according to your wishes.\" \/>\n<meta name=\"robots\" content=\"index, follow, max-snippet:-1, max-image-preview:large, max-video-preview:-1\" \/>\n<link rel=\"canonical\" href=\"https:\/\/edelphoto.net\/en\/about-us\/\" \/>\n<meta property=\"og:locale\" content=\"en_US\" \/>\n<meta property=\"og:type\" content=\"article\" \/>\n<meta property=\"og:title\" content=\"About us - Edelphoto\" \/>\n<meta property=\"og:description\" content=\"About us - You can find EdelPhoto in central Ume\u00e5 at Nygatan 18. We handle different kinds of photograpy and productions according to your wishes.\" \/>\n<meta property=\"og:url\" content=\"https:\/\/edelphoto.net\/en\/about-us\/\" \/>\n<meta property=\"og:site_name\" content=\"Edelphoto\" \/>\n<meta property=\"article:modified_time\" content=\"2022-10-07T06:21:43+00:00\" \/>\n<meta property=\"og:image\" content=\"https:\/\/edelphoto.net\/wp-content\/uploads\/fotograf-umea_-edelphotostudio_fb.jpg\" \/>\n\t<meta property=\"og:image:width\" content=\"1200\" \/>\n\t<meta property=\"og:image:height\" content=\"630\" \/>\n\t<meta property=\"og:image:type\" content=\"image\/jpeg\" \/>\n<meta name=\"twitter:card\" content=\"summary_large_image\" \/>\n<meta name=\"twitter:label1\" content=\"Est. reading time\" \/>\n\t<meta name=\"twitter:data1\" content=\"6 minutes\" \/>\n<script type=\"application\/ld+json\" class=\"yoast-schema-graph\">{\"@context\":\"https:\/\/schema.org\",\"@graph\":[{\"@type\":\"WebPage\",\"@id\":\"https:\/\/edelphoto.net\/en\/about-us\/\",\"url\":\"https:\/\/edelphoto.net\/en\/about-us\/\",\"name\":\"About us - Edelphoto\",\"isPartOf\":{\"@id\":\"https:\/\/edelphoto.net\/#website\"},\"primaryImageOfPage\":{\"@id\":\"https:\/\/edelphoto.net\/en\/about-us\/#primaryimage\"},\"image\":{\"@id\":\"https:\/\/edelphoto.net\/en\/about-us\/#primaryimage\"},\"thumbnailUrl\":\"https:\/\/edelphoto.net\/wp-content\/uploads\/fotograf-umea_-edelphotostudio.jpg\",\"datePublished\":\"2016-08-08T12:36:34+00:00\",\"dateModified\":\"2022-10-07T06:21:43+00:00\",\"description\":\"About us - You can find EdelPhoto in central Ume\u00e5 at Nygatan 18. We handle different kinds of photograpy and productions according to your wishes.\",\"breadcrumb\":{\"@id\":\"https:\/\/edelphoto.net\/en\/about-us\/#breadcrumb\"},\"inLanguage\":\"en-US\",\"potentialAction\":[{\"@type\":\"ReadAction\",\"target\":[\"https:\/\/edelphoto.net\/en\/about-us\/\"]}]},{\"@type\":\"ImageObject\",\"inLanguage\":\"en-US\",\"@id\":\"https:\/\/edelphoto.net\/en\/about-us\/#primaryimage\",\"url\":\"https:\/\/edelphoto.net\/wp-content\/uploads\/fotograf-umea_-edelphotostudio.jpg\",\"contentUrl\":\"https:\/\/edelphoto.net\/wp-content\/uploads\/fotograf-umea_-edelphotostudio.jpg\",\"width\":1920,\"height\":640},{\"@type\":\"BreadcrumbList\",\"@id\":\"https:\/\/edelphoto.net\/en\/about-us\/#breadcrumb\",\"itemListElement\":[{\"@type\":\"ListItem\",\"position\":1,\"name\":\"Hem\",\"item\":\"https:\/\/edelphoto.net\/en\/\"},{\"@type\":\"ListItem\",\"position\":2,\"name\":\"About us\"}]},{\"@type\":\"WebSite\",\"@id\":\"https:\/\/edelphoto.net\/#website\",\"url\":\"https:\/\/edelphoto.net\/\",\"name\":\"Edelphoto\",\"description\":\"Your professional photographer in Ume\u00e5\",\"potentialAction\":[{\"@type\":\"SearchAction\",\"target\":{\"@type\":\"EntryPoint\",\"urlTemplate\":\"https:\/\/edelphoto.net\/?s={search_term_string}\"},\"query-input\":{\"@type\":\"PropertyValueSpecification\",\"valueRequired\":true,\"valueName\":\"search_term_string\"}}],\"inLanguage\":\"en-US\"}]}<\/script>\n<!-- \/ Yoast SEO plugin. -->","yoast_head_json":{"title":"About us - Edelphoto","description":"About us - You can find EdelPhoto in central Ume\u00e5 at Nygatan 18. We handle different kinds of photograpy and productions according to your wishes.","robots":{"index":"index","follow":"follow","max-snippet":"max-snippet:-1","max-image-preview":"max-image-preview:large","max-video-preview":"max-video-preview:-1"},"canonical":"https:\/\/edelphoto.net\/en\/about-us\/","og_locale":"en_US","og_type":"article","og_title":"About us - Edelphoto","og_description":"About us - You can find EdelPhoto in central Ume\u00e5 at Nygatan 18. We handle different kinds of photograpy and productions according to your wishes.","og_url":"https:\/\/edelphoto.net\/en\/about-us\/","og_site_name":"Edelphoto","article_modified_time":"2022-10-07T06:21:43+00:00","og_image":[{"width":1200,"height":630,"url":"https:\/\/edelphoto.net\/wp-content\/uploads\/fotograf-umea_-edelphotostudio_fb.jpg","type":"image\/jpeg"}],"twitter_card":"summary_large_image","twitter_misc":{"Est. reading time":"6 minutes"},"schema":{"@context":"https:\/\/schema.org","@graph":[{"@type":"WebPage","@id":"https:\/\/edelphoto.net\/en\/about-us\/","url":"https:\/\/edelphoto.net\/en\/about-us\/","name":"About us - Edelphoto","isPartOf":{"@id":"https:\/\/edelphoto.net\/#website"},"primaryImageOfPage":{"@id":"https:\/\/edelphoto.net\/en\/about-us\/#primaryimage"},"image":{"@id":"https:\/\/edelphoto.net\/en\/about-us\/#primaryimage"},"thumbnailUrl":"https:\/\/edelphoto.net\/wp-content\/uploads\/fotograf-umea_-edelphotostudio.jpg","datePublished":"2016-08-08T12:36:34+00:00","dateModified":"2022-10-07T06:21:43+00:00","description":"About us - You can find EdelPhoto in central Ume\u00e5 at Nygatan 18. We handle different kinds of photograpy and productions according to your wishes.","breadcrumb":{"@id":"https:\/\/edelphoto.net\/en\/about-us\/#breadcrumb"},"inLanguage":"en-US","potentialAction":[{"@type":"ReadAction","target":["https:\/\/edelphoto.net\/en\/about-us\/"]}]},{"@type":"ImageObject","inLanguage":"en-US","@id":"https:\/\/edelphoto.net\/en\/about-us\/#primaryimage","url":"https:\/\/edelphoto.net\/wp-content\/uploads\/fotograf-umea_-edelphotostudio.jpg","contentUrl":"https:\/\/edelphoto.net\/wp-content\/uploads\/fotograf-umea_-edelphotostudio.jpg","width":1920,"height":640},{"@type":"BreadcrumbList","@id":"https:\/\/edelphoto.net\/en\/about-us\/#breadcrumb","itemListElement":[{"@type":"ListItem","position":1,"name":"Hem","item":"https:\/\/edelphoto.net\/en\/"},{"@type":"ListItem","position":2,"name":"About us"}]},{"@type":"WebSite","@id":"https:\/\/edelphoto.net\/#website","url":"https:\/\/edelphoto.net\/","name":"Edelphoto","description":"Your professional photographer in Ume\u00e5","potentialAction":[{"@type":"SearchAction","target":{"@type":"EntryPoint","urlTemplate":"https:\/\/edelphoto.net\/?s={search_term_string}"},"query-input":{"@type":"PropertyValueSpecification","valueRequired":true,"valueName":"search_term_string"}}],"inLanguage":"en-US"}]}},"_links":{"self":[{"href":"https:\/\/edelphoto.net\/en\/wp-json\/wp\/v2\/pages\/1014","targetHints":{"allow":["GET"]}}],"collection":[{"href":"https:\/\/edelphoto.net\/en\/wp-json\/wp\/v2\/pages"}],"about":[{"href":"https:\/\/edelphoto.net\/en\/wp-json\/wp\/v2\/types\/page"}],"author":[{"embeddable":true,"href":"https:\/\/edelphoto.net\/en\/wp-json\/wp\/v2\/users\/2"}],"replies":[{"embeddable":true,"href":"https:\/\/edelphoto.net\/en\/wp-json\/wp\/v2\/comments?post=1014"}],"version-history":[{"count":10,"href":"https:\/\/edelphoto.net\/en\/wp-json\/wp\/v2\/pages\/1014\/revisions"}],"predecessor-version":[{"id":21120,"href":"https:\/\/edelphoto.net\/en\/wp-json\/wp\/v2\/pages\/1014\/revisions\/21120"}],"wp:featuredmedia":[{"embeddable":true,"href":"https:\/\/edelphoto.net\/en\/wp-json\/wp\/v2\/media\/1006"}],"wp:attachment":[{"href":"https:\/\/edelphoto.net\/en\/wp-json\/wp\/v2\/media?parent=1014"}],"curies":[{"name":"wp","href":"https:\/\/api.w.org\/{rel}","templated":true}]}}